{"id":264,"date":"2014-11-23T22:46:41","date_gmt":"2014-11-23T21:46:41","guid":{"rendered":"http:\/\/codigo21.educacion.navarra.es\/?page_id=264"},"modified":"2015-04-15T13:32:30","modified_gmt":"2015-04-15T11:32:30","slug":"por-que-codigo-21","status":"publish","type":"page","link":"https:\/\/codigo21.educacion.navarra.es\/eu\/profesorado\/por-que-codigo-21\/","title":{"rendered":"Por qu\u00e9 C\u00f3digo 21"},"content":{"rendered":"<figure id=\"attachment_265\" aria-describedby=\"caption-attachment-265\" style=\"width: 1024px\" class=\"wp-caption aligncenter\"><a href=\"http:\/\/codigo21.educacion.navarra.es\/wp-content\/uploads\/2014\/11\/mac-glasses.jpeg\"><img loading=\"lazy\" class=\"size-large wp-image-265\" src=\"http:\/\/codigo21.educacion.navarra.es\/wp-content\/uploads\/2014\/11\/mac-glasses-1024x682.jpeg\" alt=\"Crear la tecnolog\u00eda permite comprenderla y formar a ciudadanos cr\u00edticos y participativos.  CRAIG GARNER\" width=\"1024\" height=\"682\" srcset=\"https:\/\/codigo21.educacion.navarra.es\/wp-content\/uploads\/2014\/11\/mac-glasses-1024x682.jpeg 1024w, https:\/\/codigo21.educacion.navarra.es\/wp-content\/uploads\/2014\/11\/mac-glasses-300x200.jpeg 300w\" sizes=\"(max-width: 1024px) 100vw, 1024px\" \/><\/a><figcaption id=\"caption-attachment-265\" class=\"wp-caption-text\">Crear la tecnolog\u00eda permite comprenderla y formar a ciudadanos cr\u00edticos y participativos. CRAIG GARNER<\/figcaption><\/figure>\n<h3>Leer y escribir en el siglo XXI<\/h3>\n<p>En una famosa conferencia en <a href=\"http:\/\/www.ted.com\/talks\/mitch_resnick_let_s_teach_kids_to_code\" target=\"_blank\">TEDx el profesor Mitch Resnick<\/a>, responsable del <a href=\"https:\/\/llk.media.mit.edu\/\" target=\"_blank\">Lifelong Kindergarten Group del MIT MediaLab<\/a>, afirmaba que la generaci\u00f3n llamada \u201cnativos digitales\u201d era sobre todo una generaci\u00f3n de <strong>consumidores de tecnolog\u00eda<\/strong>, con mucha familiaridad en la interacci\u00f3n con los medios digitales, pero con <strong>escasa capacidad de expresi\u00f3n en estos medios<\/strong>. El mensaje que lanzaba era claro, utilizando un s\u00edmil con la lectura y escritura: nuestros j\u00f3venes pueden leer, pero no escribir con las TIC.<\/p>\n<p>[ted id=1657 lang=es width=750]<\/p>\n<p>Esta idea era la que subyac\u00eda en el desarrollo que su grupo de investigaci\u00f3n hab\u00eda realizado: un entorno gr\u00e1fico donde, desde edades muy tempranas, los chicos y chicas pudieran expresarse con los c\u00f3digos que est\u00e1n acostumbrados a consumir, es decir, <a href=\"http:\/\/scratch.mit.edu\" target=\"_blank\"><strong>Scratch<\/strong><\/a>. Esta herramienta permite utilizar esta\u00a0<strong>nueva forma de escritura<\/strong> para aprender conceptos y competencias propias del siglo XXI, igual que utilizan la escritura convencional.<\/p>\n<p>Desde el Departamento de Educaci\u00f3n del Gobierno de Navarra se pretende tambi\u00e9n orientar la introducci\u00f3n de contenidos b\u00e1sicos sobre desarrollo de software en el sistema educativo como una <strong>destreza transversal<\/strong> de expresi\u00f3n y producci\u00f3n de\u00a0contenido que den soporte a los conceptos. Adem\u00e1s, aspiramos a que las alumnas y los alumnos puedan <strong>comprender en profundidad el entorno digital<\/strong> y puedan ser personas capaces de contribuir a \u00e9l con madurez y sentido cr\u00edtico.<\/p>\n<p>Existe <strong>evidencia cient\u00edfica<\/strong> que demuestra -en grupos que han aprendido a programar desde Infantil- la mejora de resultados en pruebas de matem\u00e1ticas, razonamiento y resoluci\u00f3n de problemas, el impacto positivo en la creatividad y respuesta emocional de ni\u00f1os con dificultades de aprendizaje, as\u00ed como en el desarrollo de las habilidades cognitivas y socio-emocionales. Tambi\u00e9n se ha demostrado que el alumnado que aprende a programar en edades tempranas tiene menos estereotipos de g\u00e9nero en relaci\u00f3n a las carreras \u00a0STEM -Ciencias, Tecnolog\u00eda, Ingenier\u00eda y Matem\u00e1ticas- \u00a0y menos reticencias para continuar sus estudios y profesiones en estas disciplinas.<\/p>\n<p>Por lo tanto, queremos <strong>programar para aprender<\/strong>, para <strong>expresarnos<\/strong>, para <strong>comprender<\/strong> mejor los contenidos cient\u00edficos y tecnol\u00f3gicos, para perder el miedo a <strong>crear y compartir<\/strong>, y para que todos tengamos las <strong>mismas oportunidades<\/strong> de acceder a una alfabetizaci\u00f3n propia del siglo XXI.<\/p>\n<h3>Programaci\u00f3n a trav\u00e9s de Scratch<\/h3>\n<p>Hay muchas herramientas que pueden utilizarse para fomentar este enfoque de la programaci\u00f3n, si bien desde el Departamento de Educaci\u00f3n del Gobierno de Navarra hemos optado por recomendar para los cursos de Primaria y los primeros de Secundaria <strong><a href=\"http:\/\/scratch.mit.edu\" target=\"_blank\">Scratch<\/a><\/strong>, puesto que es un lenguaje de programaci\u00f3n <strong>gratuito<\/strong>\u00a0y muy orientado a la creaci\u00f3n de <strong>historias interactivas<\/strong>, de juegos o animaciones, en un <strong>sencillo entorno gr\u00e1fico de bloques<\/strong>.<\/p>\n<p>El programa es una herencia de Logo y permite <strong>programar de manera visual y con feedback inmediato<\/strong>, as\u00ed como \u201ccontar historias\u201d mezclando <strong>imagen, audio, texto e interacci\u00f3n<\/strong> por medio de teclado, rat\u00f3n u otros dispositivos.<\/p>\n<p>Adem\u00e1s, cuenta con una <strong>comunidad de usuarios<\/strong> que no hace m\u00e1s que crecer desde 2007 que ha publicado y compartido cerca de <a href=\"http:\/\/scratch.mit.edu\/statistics\/\" target=\"_blank\">7.000.000 de proyectos<\/a>. Contar con esta\u00a0comunidad tan grande y activa, as\u00ed como\u00a0con\u00a0las universidades <a href=\"http:\/\/web.mit.edu\/\" target=\"_blank\"><strong>MIT<\/strong><\/a> y <a href=\"http:\/\/www.harvard.edu\/\" target=\"_blank\"><strong>Harvard<\/strong><\/a> trabajando en el proyecto hace que podamos acceder con facilidad a ejemplos ya realizados, a tutoriales y a gu\u00edas.<\/p>\n<p>Otros entornos basados en la l\u00f3gica Scratch, como <strong><a href=\"http:\/\/snap.berkeley.edu\/\" target=\"_blank\">BYOB-Snap<\/a><\/strong>\u00a0o\u00a0<strong><a href=\"http:\/\/enchanting.robotclub.ab.ca\/tiki-index.php\" target=\"_blank\">Enchanting<\/a><\/strong>\u00a0tambi\u00e9n son ampliamente utilizados y, en algunos casos, conectan la programaci\u00f3n en pantalla con proyectos de rob\u00f3tica educativa.<\/p>\n<p>En definitiva, utilizando Scratch y los programas de su familia, no vamos a ser los primeros ni los \u00fanicos, y tampoco vamos a estar solos. Adem\u00e1s, en\u00a0Navarra existen, en el momento de esta publicaci\u00f3n, m\u00e1s de\u00a0<a href=\"http:\/\/codigo21.educacion.navarra.es\/profesorado\/red-de-centros\/\" target=\"_blank\">30 centros<\/a> trabajando en rob\u00f3tica educativa y utilizando alguno de estos lenguajes y\u00a0en proceso de formaci\u00f3n m\u00e1s\u00a0de <a href=\"http:\/\/codigo21.educacion.navarra.es\/profesorado\/red-de-centros\/\" target=\"_blank\">90 centros<\/a>.<\/p>\n","protected":false},"excerpt":{"rendered":"<p>Leer y escribir en el siglo XXI En una famosa conferencia en TEDx el profesor Mitch Resnick, responsable del Lifelong Kindergarten Group del MIT MediaLab, afirmaba que la generaci\u00f3n llamada \u201cnativos digitales\u201d era sobre todo una generaci\u00f3n de consumidores de tecnolog\u00eda, con mucha familiaridad en la interacci\u00f3n con los medios digitales, pero con escasa capacidad [&hellip;]<\/p>\n","protected":false},"author":29,"featured_media":265,"parent":32,"menu_order":0,"comment_status":"open","ping_status":"open","template":"","meta":{"_genesis_hide_title":false,"_genesis_hide_breadcrumbs":false,"_genesis_hide_singular_image":false,"_genesis_hide_footer_widgets":false,"_genesis_custom_body_class":"","_genesis_custom_post_class":"","_genesis_layout":""},"_links":{"self":[{"href":"https:\/\/codigo21.educacion.navarra.es\/eu\/wp-json\/wp\/v2\/pages\/264"}],"collection":[{"href":"https:\/\/codigo21.educacion.navarra.es\/eu\/wp-json\/wp\/v2\/pages"}],"about":[{"href":"https:\/\/codigo21.educacion.navarra.es\/eu\/wp-json\/wp\/v2\/types\/page"}],"author":[{"embeddable":true,"href":"https:\/\/codigo21.educacion.navarra.es\/eu\/wp-json\/wp\/v2\/users\/29"}],"replies":[{"embeddable":true,"href":"https:\/\/codigo21.educacion.navarra.es\/eu\/wp-json\/wp\/v2\/comments?post=264"}],"version-history":[{"count":0,"href":"https:\/\/codigo21.educacion.navarra.es\/eu\/wp-json\/wp\/v2\/pages\/264\/revisions"}],"up":[{"embeddable":true,"href":"https:\/\/codigo21.educacion.navarra.es\/eu\/wp-json\/wp\/v2\/pages\/32"}],"wp:featuredmedia":[{"embeddable":true,"href":"https:\/\/codigo21.educacion.navarra.es\/eu\/wp-json\/wp\/v2\/media\/265"}],"wp:attachment":[{"href":"https:\/\/codigo21.educacion.navarra.es\/eu\/wp-json\/wp\/v2\/media?parent=264"}],"curies":[{"name":"wp","href":"https:\/\/api.w.org\/{rel}","templated":true}]}}