{"id":1517,"date":"2015-10-22T10:52:35","date_gmt":"2015-10-22T08:52:35","guid":{"rendered":"http:\/\/codigo21.educacion.navarra.es\/eu\/?page_id=1517"},"modified":"2016-01-14T11:58:07","modified_gmt":"2016-01-14T10:58:07","slug":"ikastetxeen-sarea","status":"publish","type":"page","link":"https:\/\/codigo21.educacion.navarra.es\/eu\/ikastetxeen-sarea\/","title":{"rendered":"Ikastetxeen sarea"},"content":{"rendered":"<p class=\"qowt-stl-Normal\">\u00a0El Departamento de Educaci\u00f3n establece distintos cauces de participaci\u00f3n de los agentes educativos para fomentar una cultura de la corresponsabilidad social en la educaci\u00f3n, promoviendo la colaboraci\u00f3n y el esfuerzo conjunto de las familias y el profesorado, de los centros escolares, las instituciones y n\u00facleos de opini\u00f3n.<\/p>\n<p>En 2012, el Departamento de Educaci\u00f3n de Navarra promovi\u00f3 un <strong><a href=\"http:\/\/www.educacion.navarra.es\/web\/dpto\/red-centros-plan-de-innovacion-educativa-en-ciencia-y-tecnologia\" target=\"_blank\">Plan de Innovaci\u00f3n Educativa en Ciencia y Tecnolog\u00eda<\/a><\/strong>, en cuyo marco se cre\u00f3 una <strong><a href=\"https:\/\/codigo21.educacion.navarra.es\/eu\/ikastetxeen-sarea\/red-de-centros\/\" target=\"_blank\">Red de Centros de Innovaci\u00f3n en Ciencia y Tecnolog\u00eda<\/a><\/strong> que\u00a0impulsa el talento en el alumnado mediante una renovaci\u00f3n metodol\u00f3gica y tem\u00e1tica.<\/p>\n<p>Cualquier centro p\u00fablico y concertado de la Comunidad Foral de Navarra puede solicitar la participaci\u00f3n en la iniciativa que pivota en torno a la formaci\u00f3n del profesorado a trav\u00e9s de la Universidad P\u00fablica de Navarra y el aprovechamiento del\u00a0<strong>Centro de Recursos de Innovaci\u00f3n y Nuevas Tecnolog\u00edas<\/strong> que alberga el Planetario de Pamplona.<\/p>\n<p>Los <strong>requisitos<\/strong> para formar parte de la Red de Centros de Innovaci\u00f3n en Ciencia y Tecnolog\u00eda (\u00c1rea de rob\u00f3tica) son:<\/p>\n<ul>\n<li>Contar con profesorado formado, o form\u00e1ndose, en Rob\u00f3tica educativa.<\/li>\n<li>Desarrollar en el centro alg\u00fan proyecto relacionado con Rob\u00f3tica educativa.<\/li>\n<\/ul>\n<p class=\"qowt-stl-Normal\">Y algunos de los\u00a0<strong>beneficios<\/strong> son:<\/p>\n<ul>\n<li>Poder acceder al pr\u00e9stamo de equipos de robots del Centro de Recursos.<\/li>\n<li>Poder acceder al espacio virtual de comunicaci\u00f3n e intercambio de materiales did\u00e1cticos sobre rob\u00f3tica educativa y, si es el caso, intercambiar tambi\u00e9n materiales propios con los centros de la red.<\/li>\n<li>Recibir informaci\u00f3n actualizada sobre Rob\u00f3tica educativa.<\/li>\n<li>Participaci\u00f3n preferente, en caso de l\u00edmite de plazas, en convocatorias de formaci\u00f3n, o en proyectos relacionados con el tema.<\/li>\n<\/ul>\n<p class=\"qowt-stl-Normal\">Los centros interesados en formar parte de la Red de Centros pueden descargar, rellenar y devolver firmada la solicitud de participaci\u00f3n al Negociado de Gesti\u00f3n de Integraci\u00f3n Curricular de las TIC, Departamento de Educaci\u00f3n del Gobierno de Navarra, o enviarla por correo electr\u00f3nico a <a href=\"mailto:proyectoste@educacion.navarra.esarra.es\" target=\"_blank\">proyectoste@educacion.navarra.es<\/a>.<\/p>\n<h2 id=\"E75\" class=\"qowt-stl-Normal\" style=\"text-align: center;\"><a href=\"http:\/\/codigo21.educacion.navarra.es\/wp-content\/uploads\/2015\/10\/instancia_castellano.pdf\" target=\"_blank\">Solicitud en castellano<\/a><\/h2>\n<h2 class=\"qowt-stl-Normal\" style=\"text-align: center;\"><a href=\"http:\/\/codigo21.educacion.navarra.es\/wp-content\/uploads\/2015\/10\/instancia_euskera.pdf\" target=\"_blank\">Solicitud en euskera<\/a><\/h2>\n<p>&nbsp;<\/p>\n<h2 id=\"E262\" class=\"qowt-stl-Normal\"><span id=\"E263\" class=\"qowt-font4-Verdana\">Plan de Innovaci\u00f3n Educativa en Ciencia y Tecnolog\u00eda<\/span><\/h2>\n<p class=\"qowt-stl-Normal\"><span id=\"E263\" class=\"qowt-font4-Verdana\">Una de las bases para el desarrollo econ\u00f3mico y social de una sociedad es fomentar, dentro del principio de igualdad de oportunidades en educaci\u00f3n, el talento y la excelencia entre los j\u00f3venes escolares y, entre ellos, los que destacan por su alta capacidad, motivaci\u00f3n y expectativas acad\u00e9micas y de formaci\u00f3n.<\/span><\/p>\n<p id=\"E264\" class=\"qowt-stl-Normal\"><span id=\"E265\" class=\"qowt-font4-Verdana\">La <\/span><span id=\"E266\" class=\"qowt-font4-Verdana\">Comunidad Foral de Navarra<\/span><span id=\"E267\" class=\"qowt-font4-Verdana\"> cuenta con <\/span><span id=\"E268\" class=\"qowt-font4-Verdana\">un sistema educativo<\/span><span id=\"E269\" class=\"qowt-font4-Verdana\"> considerado por evaluaciones internacionales como uno <\/span><span id=\"E270\" class=\"qowt-font4-Verdana\">de los m\u00e1s acreditados de Espa\u00f1a<\/span><span id=\"E271\" class=\"qowt-font4-Verdana\">; sin embargo, el logro de <\/span><span id=\"E272\" class=\"qowt-font4-Verdana\">objetivos de excelencia<\/span><span id=\"E273\" class=\"qowt-font4-Verdana\"> en el rendimiento de las competencias educativas es una tarea pendiente de mayor impulso.<\/span><\/p>\n<p id=\"E274\" class=\"qowt-stl-Normal\"><span id=\"E275\" class=\"qowt-font4-Verdana\"> Por otra parte, los principales responsables de las administraciones educativas, singularmente en el \u00e1mbito de la OCDE, e importantes sectores de la gesti\u00f3n econ\u00f3mica privada, coinciden en destacar que en la actualidad hay que promover y articular las <\/span><span id=\"E276\" class=\"qowt-font4-Verdana\">pol\u00edticas educativas en materia de ciencia y tecnolog\u00eda<\/span><span id=\"E277\" class=\"qowt-font4-Verdana\">, en l\u00ednea con el programa marco <\/span><span id=\"E278\" class=\"qowt-font4-Verdana\">Horizonte 2020.<\/span><\/p>\n<p id=\"E279\" class=\"qowt-stl-Normal\"><span id=\"E280\" class=\"qowt-font4-Verdana\"> El dise\u00f1o de un <\/span><span id=\"E281\" class=\"qowt-font4-Verdana\">Plan de Innovaci\u00f3n Educativa en Ciencia y Tecnolog\u00eda<\/span><span id=\"E282\" class=\"qowt-font4-Verdana\"> <\/span><span id=\"E283\" class=\"qowt-font4-Verdana\">surge con el prop\u00f3sito de<\/span><span id=\"E284\" class=\"qowt-font4-Verdana\"> contribuir activamente a impulsar el talento en el alumnado mediante una renovaci\u00f3n metodol\u00f3gica, tem\u00e1tica y organizativa del aprendizaje y la ense\u00f1anza de la ciencia y la tecnolog\u00eda en los centros escolares de Navarra.<\/span><\/p>\n<h3 class=\"qowt-stl-Normal\"><strong><span id=\"E292\" class=\"qowt-font4-Verdana\">1.- Introducci\u00f3n<\/span><span id=\"E293\" class=\"qowt-font4-Verdana\"> y planteamiento<\/span><\/strong><\/h3>\n<p id=\"E294\" class=\"qowt-stl-Normal\"><span id=\"E295\" class=\"qowt-font4-Verdana\">La creaci\u00f3n de una <\/span><span id=\"E296\" class=\"qowt-font4-Verdana\">Red de Centros de Innovaci\u00f3n en Ciencia y Tecnolog\u00eda<\/span><span id=\"E297\" class=\"qowt-font4-Verdana\"> <\/span><span id=\"E298\" class=\"qowt-font4-Verdana\">est\u00e1 llamada a<\/span><span id=\"E299\" class=\"qowt-font4-Verdana\"> contribuir activamente a una renovaci\u00f3n metodol\u00f3gica, tem\u00e1tica y organizativa del aprendizaje y la ense\u00f1anza de la ciencia y la tecnolog\u00eda. Su base son los m\u00e9todos de indagaci\u00f3n <\/span><span id=\"E300\" class=\"qowt-font4-Verdana\">(enquiry learning methods)<\/span><span id=\"E301\" class=\"qowt-font4-Verdana\"> <\/span><span id=\"E302\" class=\"qowt-font4-Verdana\">y<\/span><span id=\"E303\" class=\"qowt-font4-Verdana\"> las actividades de modelizaci\u00f3n<\/span><span id=\"E304\" class=\"qowt-font4-Verdana\">.<\/span><span id=\"E305\" class=\"qowt-font4-Verdana\"> <\/span><span id=\"E306\" class=\"qowt-font4-Verdana\">El proyecto se inicia en el \u00e1mbito de<\/span><span id=\"E307\" class=\"qowt-font4-Verdana\"> la rob\u00f3tica educativa<\/span><span id=\"E308\" class=\"qowt-font4-Verdana\">, de gran atractivo y aplicabilidad, pero mira\u00a0<\/span><span class=\"qowt-font4-Verdana\">tambi\u00e9n hacia otras \u00e1reas del conocimiento cient\u00edfico<\/span><span id=\"E309\" class=\"qowt-font4-Verdana\">.<\/span><\/p>\n<p>&nbsp;<\/p>\n<figure id=\"attachment_865\" aria-describedby=\"caption-attachment-865\" style=\"width: 589px\" class=\"wp-caption aligncenter\"><a href=\"http:\/\/codigo21.educacion.navarra.es\/wp-content\/uploads\/2015\/10\/objetivos_red_centros.png\"><img loading=\"lazy\" class=\"size-full wp-image-865\" src=\"http:\/\/codigo21.educacion.navarra.es\/wp-content\/uploads\/2015\/10\/objetivos_red_centros.png\" alt=\"Objetivos de la Red de Centros\" width=\"589\" height=\"570\" srcset=\"https:\/\/codigo21.educacion.navarra.es\/wp-content\/uploads\/2015\/10\/objetivos_red_centros.png 589w, https:\/\/codigo21.educacion.navarra.es\/wp-content\/uploads\/2015\/10\/objetivos_red_centros-300x290.png 300w, https:\/\/codigo21.educacion.navarra.es\/wp-content\/uploads\/2015\/10\/objetivos_red_centros-177x171.png 177w\" sizes=\"(max-width: 589px) 100vw, 589px\" \/><\/a><figcaption id=\"caption-attachment-865\" class=\"wp-caption-text\">Objetivos de la Red de Centros<\/figcaption><\/figure>\n<h4 id=\"E333\" class=\"qowt-stl-Normal\"><strong><span id=\"E334\" class=\"qowt-font4-Verdana\">Aspectos destacados:<\/span><\/strong><\/h4>\n<p id=\"E335\" class=\"qowt-li-1275477135_0 qowt-list qowt-stl-Normal\"><span id=\"E336\" class=\"qowt-font4-Verdana\">La necesidad de promover una renovaci\u00f3n metodol\u00f3gica en el aprendizaje de la ciencia experimental y la tecnolog\u00eda, orientada hacia un <\/span><span id=\"E337\" class=\"qowt-font4-Verdana\">aprendizaje constructivista por indagaci\u00f3n<\/span><span id=\"E338\" class=\"qowt-font4-Verdana\"> y a una <\/span><span id=\"E339\" class=\"qowt-font4-Verdana\">actividad cient\u00edfica escolar de modelizaci\u00f3n.<\/span><\/p>\n<p id=\"E340\" class=\"qowt-li-1275477135_0 qowt-list qowt-stl-Normal\"><span id=\"E341\" class=\"qowt-font4-Verdana\">La conveniencia de realizar ajustes curriculares para incorporar nuevos temas de relevancia cient\u00edfica y social, como el <\/span><span id=\"E342\" class=\"qowt-font4-Verdana\">aprendizaje de y con robots<\/span><span id=\"E343\" class=\"qowt-font4-Verdana\">, que permite a su vez el desarrollo de proyectos escolares de integraci\u00f3n de diversas disciplinas (ciencias, matem\u00e1ticas, inform\u00e1tica, lengua, idioma extranjero\u2026)<\/span><\/p>\n<p class=\"qowt-li-1275477135_0 qowt-list qowt-stl-Normal\"><span id=\"E345\" class=\"qowt-font4-Verdana\">El inter\u00e9s que presenta un nuevo enfoque en la gesti\u00f3n de los programas de formaci\u00f3n continua del profesorado, que <\/span><span id=\"E346\" class=\"qowt-font4-Verdana\">se orienta <\/span><span id=\"E347\" class=\"qowt-font4-Verdana\">hacia el desarrollo de<\/span><span id=\"E348\" class=\"qowt-font4-Verdana\"> redes de centros innovadores.<\/span><\/p>\n<h3 id=\"E350\" class=\"qowt-stl-Normal\"><strong><span id=\"E351\" class=\"qowt-font4-Verdana\">2.- El papel de la <\/span><span id=\"E352\" class=\"qowt-font4-Verdana\">rob\u00f3tica<\/span><span id=\"E353\" class=\"qowt-font4-Verdana\"> <\/span><span id=\"E354\" class=\"qowt-font4-Verdana\">educativa<\/span><span id=\"E355\" class=\"qowt-font4-Verdana\"> para una renovaci\u00f3n metodol\u00f3gi<\/span><span id=\"E356\" class=\"qowt-font4-Verdana\">ca y de contenidos curriculares<\/span><\/strong><\/h3>\n<p id=\"E357\" class=\"qowt-stl-Normal\"><span id=\"E358\" class=\"qowt-font4-Verdana\"> Podemos definir, de un modo general, un robot como una m\u00e1quina controlada por ordenador, que dispone de sensores (para conocer el entorno) y de motores (para actuar sobre \u00e9l), y a la que podemos ordenar tareas para que realice, de modo aut\u00f3nomo, comportamientos interactivos interesantes en un entorno determinado.<\/span><\/p>\n<p id=\"E359\" class=\"qowt-stl-Normal\"><span id=\"E360\" class=\"qowt-font4-Verdana\"> Esta definici\u00f3n pone de manifiesto un hecho aparentemente banal pero de innegable inter\u00e9s did\u00e1ctico: Un robot <\/span><span id=\"E361\" class=\"qowt-font4-Verdana\">hace lo que se le dice<\/span><span id=\"E362\" class=\"qowt-font4-Verdana\">, y en manos de un alumno, \u00e9ste tiene previamente que <\/span><span id=\"E363\" class=\"qowt-font4-Verdana\">decir<\/span><span id=\"E364\" class=\"qowt-font4-Verdana\"> lo que quiere <\/span><span id=\"E365\" class=\"qowt-font4-Verdana\">hacer<\/span><span id=\"E366\" class=\"qowt-font4-Verdana\"> con un robot; esto es, las acciones deben ser formalizadas. Y, lo m\u00e1s interesante, la exploraci\u00f3n de las <\/span><span id=\"E367\" class=\"qowt-font4-Verdana\">buenas acciones<\/span><span id=\"E368\" class=\"qowt-font4-Verdana\"> sobre un entorno, se realiza a trav\u00e9s de la exploraci\u00f3n de las <\/span><span id=\"E369\" class=\"qowt-font4-Verdana\">buenas y adecuadas formalizaciones<\/span><span id=\"E370\" class=\"qowt-font4-Verdana\"> de las mismas.<\/span><\/p>\n<p id=\"E371\" class=\"qowt-stl-Normal\"><span id=\"E372\" class=\"qowt-font4-Verdana\"> <\/span><span id=\"E373\" class=\"qowt-font4-Verdana\">Se aprecia as\u00ed<\/span><span id=\"E374\" class=\"qowt-font4-Verdana\"> el gran inter\u00e9s did\u00e1ctico de los entornos \u201crobotizados\u201d: tales entornos facilitan y potencian el <\/span><span id=\"E375\" class=\"qowt-font4-Verdana\">aprendizaje constructivista de las operaciones y los esquemas cognitivos formales<\/span><span id=\"E376\" class=\"qowt-font4-Verdana\">. Permiten extender las propuestas que Piaget desarroll\u00f3 principalmente en el \u00e1mbito de las operaciones concretas al \u00e1mbito de las operaciones formales: si la interacci\u00f3n exploratoria directa con los objetos permite el desarrollo constructivo de los esquemas operativos formales del alumno. Se puede ahora trabajar <\/span><span id=\"E377\" class=\"qowt-font4-Verdana\">lo formal<\/span><span id=\"E378\" class=\"qowt-font4-Verdana\"> al estilo activo y constructivista en que Piaget trabaj\u00f3 <\/span><span id=\"E379\" class=\"qowt-font4-Verdana\">lo concreto<\/span><span id=\"E380\" class=\"qowt-font4-Verdana\">.<\/span><\/p>\n<p id=\"E381\" class=\"qowt-stl-Normal\"><span id=\"E382\" class=\"qowt-font4-Verdana\"> Este <\/span><span id=\"E383\" class=\"qowt-font4-Verdana\">desarrollo del pensamiento formal en todos los alumnos\/as<\/span><span id=\"E384\" class=\"qowt-font4-Verdana\"> (principalmente en aquellos que tienen dificultades para llevarlo a cabo con las actividades curriculares habituales) puede entenderse como el desarrollo de una competencia b\u00e1sica del alumnado en la etapa de la educaci\u00f3n primaria (3er ciclo) y en el primer ciclo de la ESO.<\/span><\/p>\n<p id=\"E385\" class=\"qowt-stl-Normal\"><span id=\"E386\" class=\"qowt-font4-Verdana\"> Junto a esta mejora de car\u00e1cter metodol\u00f3gico, la <\/span><span id=\"E387\" class=\"qowt-font4-Verdana\">introducci\u00f3n de temas de rob\u00f3tica en el curr\u00edculo educativo<\/span><span id=\"E388\" class=\"qowt-font4-Verdana\"> de los centros aporta un \u00e1mbito actual de contenidos: el robot como <\/span><span id=\"E389\" class=\"qowt-font4-Verdana\">objeto<\/span><span id=\"E390\" class=\"qowt-font4-Verdana\"> de conocimiento y como <\/span><span id=\"E391\" class=\"qowt-font4-Verdana\">herramienta<\/span><span id=\"E392\" class=\"qowt-font4-Verdana\"> para el conocimiento de otros contenidos (la ense\u00f1anza sobre \u201cqu\u00e9 es\u201d un robot y \u201cqu\u00e9 problemas puedo resolver con\u201d un robot\u2026).<\/span><\/p>\n<p id=\"E393\" class=\"qowt-stl-Normal\"><span id=\"E394\" class=\"qowt-font4-Verdana\"> No s\u00f3lo es un \u00e1mbito tem\u00e1tico actual, que habla esencialmente sobre los fen\u00f3menos de control, de comunicaci\u00f3n y sobre la inteligencia humana, todo ello b\u00e1sico en nuestra \u201csociedad del conocimiento\u201d, sino que <\/span><span id=\"E395\" class=\"qowt-font4-Verdana\">es un <\/span><span id=\"E396\" class=\"qowt-font4-Verdana\">\u00e1mbito interdisciplinar <\/span><span id=\"E397\" class=\"qowt-font4-Verdana\">donde se integran competencias l\u00f3gico-ling\u00fc\u00edsticas:<\/span><span id=\"E398\" class=\"qowt-font4-Verdana\"> l\u00f3gica matem\u00e1tica, lenguaje natural, lenguajes formales de programaci\u00f3n de\u00a0<\/span><span class=\"qowt-font4-Verdana\">ordenadores, as\u00ed como <\/span><span id=\"E399\" class=\"qowt-font4-Verdana\">competencias de ciencia y de ingenier\u00eda tecnol\u00f3gica y competencias de desarrollo de proyectos, del desarrollo de alumnos activos e innovadores<\/span><span id=\"E400\" class=\"qowt-font4-Verdana\"> (alumnos \u201cemprendedores\u201d).<\/span><\/p>\n<p class=\"qowt-stl-Normal\"><a href=\"http:\/\/codigo21.educacion.navarra.es\/wp-content\/uploads\/2015\/10\/PLAN-DE-INNOVACI%C3%93N-EDUCATIVA-EN-CIENCIA-Y-TECNOLOG%C3%8DA.doc\" target=\"_blank\">Descarga del documento \u00edntegro en .PDF<\/a><\/p>\n","protected":false},"excerpt":{"rendered":"<p>\u00a0El Departamento de Educaci\u00f3n establece distintos cauces de participaci\u00f3n de los agentes educativos para fomentar una cultura de la corresponsabilidad social en la educaci\u00f3n, promoviendo la colaboraci\u00f3n y el esfuerzo conjunto de las familias y el profesorado, de los centros escolares, las instituciones y n\u00facleos de opini\u00f3n. En 2012, el Departamento de Educaci\u00f3n de Navarra [&hellip;]<\/p>\n","protected":false},"author":22,"featured_media":0,"parent":0,"menu_order":0,"comment_status":"closed","ping_status":"closed","template":"","meta":{"_genesis_hide_title":false,"_genesis_hide_breadcrumbs":false,"_genesis_hide_singular_image":false,"_genesis_hide_footer_widgets":false,"_genesis_custom_body_class":"","_genesis_custom_post_class":"","_genesis_layout":""},"_links":{"self":[{"href":"https:\/\/codigo21.educacion.navarra.es\/eu\/wp-json\/wp\/v2\/pages\/1517"}],"collection":[{"href":"https:\/\/codigo21.educacion.navarra.es\/eu\/wp-json\/wp\/v2\/pages"}],"about":[{"href":"https:\/\/codigo21.educacion.navarra.es\/eu\/wp-json\/wp\/v2\/types\/page"}],"author":[{"embeddable":true,"href":"https:\/\/codigo21.educacion.navarra.es\/eu\/wp-json\/wp\/v2\/users\/22"}],"replies":[{"embeddable":true,"href":"https:\/\/codigo21.educacion.navarra.es\/eu\/wp-json\/wp\/v2\/comments?post=1517"}],"version-history":[{"count":0,"href":"https:\/\/codigo21.educacion.navarra.es\/eu\/wp-json\/wp\/v2\/pages\/1517\/revisions"}],"wp:attachment":[{"href":"https:\/\/codigo21.educacion.navarra.es\/eu\/wp-json\/wp\/v2\/media?parent=1517"}],"curies":[{"name":"wp","href":"https:\/\/api.w.org\/{rel}","templated":true}]}}